{"id":92,"date":"2017-02-18T17:38:19","date_gmt":"2017-02-18T16:38:19","guid":{"rendered":"http:\/\/www.schwerpunkt-galerie.de\/?page_id=92"},"modified":"2017-02-23T13:35:36","modified_gmt":"2017-02-23T12:35:36","slug":"lev-kaplan","status":"publish","type":"page","link":"http:\/\/www.schwerpunkt-galerie.de\/index.php\/lev-kaplan\/","title":{"rendered":"Lev Kaplan"},"content":{"rendered":"<p><span style=\"font-family: Calibri, sans-serif;\">Lev Kaplan ist ein klassischer Illustrator der alten Schule, im besten Sinne. Seine Illustrationen entstehen in monatelanger minuti\u00f6ser Feinmalerei mit Aquarellfarben und lassen m\u00e4rchenhafte Bildwelten aus Tausendundeiner Nacht und aus fernen Zeiten wiederaufleben. <\/span><\/p>\n<p><span style=\"font-family: Calibri, sans-serif;\">Als Betrachter taucht man ein in fern\u00f6stliche Landschaften, verwunschene, sagenumwobene St\u00e4dte mit Zwiebelt\u00fcrmen und allerlei Ornamentik, ebenso wie die m\u00e4rchenhaften, orientalischen Figuren, die sie bev\u00f6lkern und die aus einer l\u00e4ngst vergangenen Zeit entsprungen zu sein scheinen. Dabei orientiert sich Lev Kaplan, der \u00fcber einen langen Zeitraum genaue Hintergrundrecherchen zur entsprechenden Zeit, in der eine Geschichte spielt, anstellt und sogar auf jedes noch so kleine modische Detail in seinen Darstellungen achtet, an verschiedenen Vorbildern aus der Kunst- und Zeitgeschichte. W\u00e4hrend z.B. das Buch \u201e In 80 Tagen um die Welt\u201c noch deutliche Anleihen an das 19. Jahrhundert und eine Steampunk-\u00c4sthetik aufweist, orientiert er sich bei seiner Darstellung der \u201e sch\u00f6nsten Sagen der Gebr\u00fcder Grimm\u201c eher an Darstellungen aus der Zeit der Renaissance und des Barocks von Pieter Breughel und Albrecht D\u00fcrer und arbeitet entsprechend mehr aus der Umrisslinie heraus. Dabei setzt seine Detailverliebtheit den Betrachter stets in Erstaunen und man sp\u00fcrt, dass hier jemand mit viel Herzblut und Leidenschaft bei der Sache ist. Ja selbst die Gelbt\u00f6nung des Papiers, die die F\u00e4rbung alter Dokumente nachahmt, sowie die vermeintlichen Risse und Verf\u00e4rbungen an den Seitenr\u00e4ndern, sind Teil der Illusion. Dabei erlaubt er sich jedoch auch das ein oder andere humorvolle Detail, z.B. wenn bei M\u00fcnchhausens Abenteuern selbst die Pferde die gepuderten Per\u00fccken des Rokoko tragen oder bei den M\u00e4rchen auch Tiere geharnischt in Ritterr\u00fcstung auftreten. <\/span><\/p>\n<p><span style=\"font-family: Calibri, sans-serif;\">Lev Kaplan wurde 1967 in Lugansk in der Ukraine, geboren. Im Alter von sieben Jahren lernte er bereits das Zeichnen und Malen an einer Kinderkunstschule und studierte sp\u00e4ter in der ukrainischen Hauptstadt Kiew Architektur. Seit 1992 lebt er mit seiner Familie in Stuttgart und malte und zeichnete frei bis 2004. Dann illustrierte er sein erstes Kinderbuch und kann seitdem nicht mehr damit aufh\u00f6ren. Lev Kaplan illustrierte f\u00fcr deutsche und russische Verlage zahlreiche Klassiker der Weltliteratur, wie z.B. Jules Vernes \u201e In 80 Tagen um die Welt\u201c oder \u201eDie unglaublichen Abenteuer des Baron M\u00fcnchhausen\u201c, sowie M\u00e4rchen- und Sagenb\u00fccher und tr\u00e4umt davon, sich ausschlie\u00dflich dem Kinderbuch widmen zu k\u00f6nnen. Au\u00dferdem arbeitet er als Grafikdesigner und Creative Director in einem Stuttgarter Unternehmen. <\/span><\/p>\n<p><a href=\"http:\/\/www.kaplan-art.de\/\"><span style=\"font-family: Calibri, sans-serif;\">http:\/\/www.kaplan-art.de\/<\/span><\/a><\/p>\n","protected":false},"excerpt":{"rendered":"<p>Lev Kaplan ist ein klassischer Illustrator der alten Schule, im besten Sinne. Seine Illustrationen entstehen in monatelanger minuti\u00f6ser Feinmalerei mit Aquarellfarben und lassen m\u00e4rchenhafte Bildwelten aus Tausendundeiner Nacht und aus fernen Zeiten wiederaufleben. Als Betrachter taucht man ein in fern\u00f6stliche Landschaften, verwunschene, sagenumwobene St\u00e4dte mit Zwiebelt\u00fcrmen und allerlei Ornamentik, ebenso wie die m\u00e4rchenhaften, orientalischen Figuren, &hellip; <\/p>\n<p class=\"link-more\"><a href=\"http:\/\/www.schwerpunkt-galerie.de\/index.php\/lev-kaplan\/\" class=\"more-link\"><span class=\"screen-reader-text\">\u201eLev Kaplan\u201c<\/span> weiterlesen<\/a><\/p>\n","protected":false},"author":1,"featured_media":0,"parent":0,"menu_order":0,"comment_status":"closed","ping_status":"closed","template":"","meta":{"footnotes":""},"class_list":["post-92","page","type-page","status-publish","hentry"],"_links":{"self":[{"href":"http:\/\/www.schwerpunkt-galerie.de\/index.php\/wp-json\/wp\/v2\/pages\/92","targetHints":{"allow":["GET"]}}],"collection":[{"href":"http:\/\/www.schwerpunkt-galerie.de\/index.php\/wp-json\/wp\/v2\/pages"}],"about":[{"href":"http:\/\/www.schwerpunkt-galerie.de\/index.php\/wp-json\/wp\/v2\/types\/page"}],"author":[{"embeddable":true,"href":"http:\/\/www.schwerpunkt-galerie.de\/index.php\/wp-json\/wp\/v2\/users\/1"}],"replies":[{"embeddable":true,"href":"http:\/\/www.schwerpunkt-galerie.de\/index.php\/wp-json\/wp\/v2\/comments?post=92"}],"version-history":[{"count":3,"href":"http:\/\/www.schwerpunkt-galerie.de\/index.php\/wp-json\/wp\/v2\/pages\/92\/revisions"}],"predecessor-version":[{"id":160,"href":"http:\/\/www.schwerpunkt-galerie.de\/index.php\/wp-json\/wp\/v2\/pages\/92\/revisions\/160"}],"wp:attachment":[{"href":"http:\/\/www.schwerpunkt-galerie.de\/index.php\/wp-json\/wp\/v2\/media?parent=92"}],"curies":[{"name":"wp","href":"https:\/\/api.w.org\/{rel}","templated":true}]}}